{"id":536,"date":"2021-12-21T11:11:14","date_gmt":"2021-12-21T10:11:14","guid":{"rendered":"https:\/\/ifv-bahntechnik.de\/vereinsmitglieder\/?page_id=536"},"modified":"2021-12-21T11:22:43","modified_gmt":"2021-12-21T10:22:43","slug":"versammlungsraum","status":"publish","type":"page","link":"https:\/\/ifv-bahntechnik.de\/vereinsmitglieder\/versammlungsraum\/","title":{"rendered":"Versammlungsraum"},"content":{"rendered":"<p>HERZLICH WILLKOMMEN<\/p>\n<p>im virtuellen Versammlungsraum<\/p>\n<p>f\u00fcr die 33. Mitgliederversammlung<\/p>\n<p>am 21.12.2021<\/p>\n<p>Beginn der Versammlung 16:30 Uhr<\/p>\n<p>Inoffizielles Networking ab 15:30 Uhr<\/p>\n<p style=\"text-align: right;\"><span style=\"color: #ffffff;\">.<\/span><\/p>\n<hr>\n<p><span style=\"color: #ffffff;\">.<\/span><\/p>\n<p>Wir nutzen heute DREI verschiedene Videokonferenzen plus eine virtuelle Wahlkabine.<\/p>\n<p>Sie befinden sich jetzt im virtuellen Fahrstuhlbereich.<\/p>\n<p>Klicken Sie die folgenden LINKS, um in den entsprechenden Bereich einzutreten &#8211; am besten lassen Sie diesen &#8220;Fahrstuhlbereich&#8221; die ganze Zeit ge\u00f6ffnet.<\/p>\n<p><span style=\"color: #ffffff;\">.<\/span><\/p>\n<div class=\" accordion-n8oyd2 style2 magee-shortcode panel-group magee-accordion accordion-boxed\" role=\"tablist\" aria-multiselectable=\"yes\" id=\"accordion-n8oyd2\"> <div class=\"panel panel-default \" id=\"panelaccordion-n8oyd2-1\"><div class=\"panel-heading\" role=\"tab\" id=\"headingcollapseaccordion-n8oyd2-1\">\r\n\t\t\t\t<a class=\"accordion-toggle \" data-toggle=\"collapse\" data-parent=\"#accordion-n8oyd2\" href=\"#collapseaccordion-n8oyd2-1\" aria-expanded=\"true\" aria-controls=\"collapseaccordion-n8oyd2-1\">\r\n\t\t\t\t\t<h4 class=\"panel-title\">\r\n\t\t\t\t\t\t\tCheck-In bei Frau Heyer - auch f\u00fcr technische Hilfestellung zust\u00e4ndig.\r\n\t\t\t\t\t<\/h4>\r\n\t\t\t\t<\/a>\r\n\t\t\t<\/div>\r\n\t\t\t<div id=\"collapseaccordion-n8oyd2-1\" class=\"panel-collapse collapse in\" role=\"tabpanel\" aria-labelledby=\"headingcollapseaccordion-n8oyd2-1\" aria-expanded=\"true\">\r\n\t\t\t\t<div class=\"panel-body\">\r\n\t\t\t\t\t\n<p style=\"text-align: center;\"><a class=\"fasc-button fasc-size-medium fasc-type-glossy fasc-rounded-medium fasc-ico-before dashicons-welcome-view-site fasc-style-bold\" style=\"background-color: #ff0000; color: #ffffff;\" target=\"_blank\" rel=\"noopener\" href=\"https:\/\/start.online-konferenzraum.de\/mitgliedertreffpunkt\">MITGLIEDERTREFFPUNKT<\/a><\/p>\n\r\n\t\t\t\t\t<div class=\"clear\"><\/div>\r\n\t\t\t\t<\/div>\r\n\t\t\t<\/div>\r\n\t\t<\/div> <\/div>\n<p style=\"text-align: right;\"><span style=\"color: #ffffff;\">.<\/span><\/p>\n<p style=\"text-align: right;\"><span style=\"color: #ffffff;\">.<\/span><\/p>\n<div class=\" accordion-9ancuf style2 magee-shortcode panel-group magee-accordion accordion-boxed\" role=\"tablist\" aria-multiselectable=\"yes\" id=\"accordion-9ancuf\"> <div class=\"panel panel-default \" id=\"panelaccordion-9ancuf-1\"><div class=\"panel-heading\" role=\"tab\" id=\"headingcollapseaccordion-9ancuf-1\">\r\n\t\t\t\t<a class=\"accordion-toggle \" data-toggle=\"collapse\" data-parent=\"#accordion-9ancuf\" href=\"#collapseaccordion-9ancuf-1\" aria-expanded=\"true\" aria-controls=\"collapseaccordion-9ancuf-1\">\r\n\t\t\t\t\t<h4 class=\"panel-title\">\r\n\t\t\t\t\t\t\tInformelles Networking (15:30 - 16:29 Uhr) - Herr Schulz\r\n\t\t\t\t\t<\/h4>\r\n\t\t\t\t<\/a>\r\n\t\t\t<\/div>\r\n\t\t\t<div id=\"collapseaccordion-9ancuf-1\" class=\"panel-collapse collapse in\" role=\"tabpanel\" aria-labelledby=\"headingcollapseaccordion-9ancuf-1\" aria-expanded=\"true\">\r\n\t\t\t\t<div class=\"panel-body\">\r\n\t\t\t\t\t\n<p style=\"text-align: center;\"><a class=\"fasc-button fasc-size-medium fasc-type-popout fasc-rounded-medium fasc-ico-before dashicons-welcome-view-site fasc-style-bold\" style=\"background-color: #33809e; color: #ffffff;\" target=\"_blank\" rel=\"noopener\" href=\"https:\/\/bbb.online-videokonferenz.de\/b\/ifv-xbw-qlm-wjb\">NETWORKING-LOUNGE (Big Blue Button)<\/a><\/p>\n\r\n\t\t\t\t\t<div class=\"clear\"><\/div>\r\n\t\t\t\t<\/div>\r\n\t\t\t<\/div>\r\n\t\t<\/div> <\/div>\n<p style=\"text-align: right;\"><span style=\"color: #ffffff;\">.<\/span><\/p>\n<p style=\"text-align: right;\"><span style=\"color: #ffffff;\">.<\/span><\/p>\n<div class=\" accordion-0h11qe style2 magee-shortcode panel-group magee-accordion accordion-boxed\" role=\"tablist\" aria-multiselectable=\"yes\" id=\"accordion-0h11qe\"> <div class=\"panel panel-default \" id=\"panelaccordion-0h11qe-1\"><div class=\"panel-heading\" role=\"tab\" id=\"headingcollapseaccordion-0h11qe-1\">\r\n\t\t\t\t<a class=\"accordion-toggle \" data-toggle=\"collapse\" data-parent=\"#accordion-0h11qe\" href=\"#collapseaccordion-0h11qe-1\" aria-expanded=\"true\" aria-controls=\"collapseaccordion-0h11qe-1\">\r\n\t\t\t\t\t<h4 class=\"panel-title\">\r\n\t\t\t\t\t\t\tMITGLIEDERVERSAMMLUNG (ab 16:30 Uhr) - Tagungsleitung (Pfaff) \/ Moderation (Schulz)\r\n\t\t\t\t\t<\/h4>\r\n\t\t\t\t<\/a>\r\n\t\t\t<\/div>\r\n\t\t\t<div id=\"collapseaccordion-0h11qe-1\" class=\"panel-collapse collapse in\" role=\"tabpanel\" aria-labelledby=\"headingcollapseaccordion-0h11qe-1\" aria-expanded=\"true\">\r\n\t\t\t\t<div class=\"panel-body\">\r\n\t\t\t\t\t\n<p style=\"text-align: right;\"><span style=\"color: #ffffff;\">.<\/span><\/p>\n<p style=\"text-align: right;\"><span style=\"color: #ffffff;\">.<\/span><\/p>\n<p style=\"text-align: center;\"><a class=\"fasc-button fasc-size-xlarge fasc-type-popout fasc-rounded-medium fasc-ico-before dashicons-welcome-view-site fasc-style-bold\" style=\"background-color: #0000ff; color: #ffffff;\" target=\"_blank\" rel=\"noopener\" href=\"https:\/\/bbb.online-videokonferenz.de\/b\/ifv-xbw-qlm-wjb\">VERSAMMLUNGSRAUM der 33. MITGLIEDERVERSAMMLUNG (BIG BLUE BUTTON)<\/a><\/p>\n<p style=\"text-align: right;\"><span style=\"color: #ffffff;\">.<\/span><\/p>\n<p style=\"text-align: right;\"><span style=\"color: #ffffff;\">.<\/span><\/p>\n<p style=\"text-align: center;\"><strong>Technischer Hinweis:<\/strong><\/p>\n<p style=\"text-align: center;\">Bitte treten Sie diesem Raum MIT Audio-\/Miktofonfreigabe bei (es wird beim Eintritt zun\u00e4chst ein automatischer ECHO-TEST zur Optimierung der Toneinstellungen durchgef\u00fchrt.)<\/p>\n<p style=\"text-align: center;\"><span style=\"color: #ff0000;\"><a class=\"fasc-button fasc-size-medium fasc-type-flat fasc-style-bold fasc-style-italic\" style=\"background-color: #efefef; color: #ff0000;\" href=\"#\">Bei technischen Problemen k\u00f6nnen Sie sich vorzugsweise TELEFONISCH (+49) 030 39720172 bzw. per EMAIL &gt;&gt;&gt; tagung@ifv-bahntechnik.de an Frau Heyer wenden.<\/a><\/span><\/p>\n<p>&nbsp;<\/p>\n\r\n\t\t\t\t\t<div class=\"clear\"><\/div>\r\n\t\t\t\t<\/div>\r\n\t\t\t<\/div>\r\n\t\t<\/div> <\/div>\n<p style=\"text-align: right;\"><span style=\"color: #ffffff;\">.<\/span><\/p>\n<p style=\"text-align: right;\"><span style=\"color: #ffffff;\">.<\/span><\/p>\n<div class=\" accordion-7j8g2y style2 magee-shortcode panel-group magee-accordion accordion-boxed\" role=\"tablist\" aria-multiselectable=\"yes\" id=\"accordion-7j8g2y\"> <div class=\"panel panel-default \" id=\"panelaccordion-7j8g2y-1\"><div class=\"panel-heading\" role=\"tab\" id=\"headingcollapseaccordion-7j8g2y-1\">\r\n\t\t\t\t<a class=\"accordion-toggle collapsed\" data-toggle=\"collapse\" data-parent=\"#accordion-7j8g2y\" href=\"#collapseaccordion-7j8g2y-1\" aria-expanded=\"false\" aria-controls=\"collapseaccordion-7j8g2y-1\">\r\n\t\t\t\t\t<h4 class=\"panel-title\">\r\n\t\t\t\t\t\t\t(+) Virtuelle Wahlkabine\r\n\t\t\t\t\t<\/h4>\r\n\t\t\t\t<\/a>\r\n\t\t\t<\/div>\r\n\t\t\t<div id=\"collapseaccordion-7j8g2y-1\" class=\"panel-collapse collapse \" role=\"tabpanel\" aria-labelledby=\"headingcollapseaccordion-7j8g2y-1\" aria-expanded=\"false\">\r\n\t\t\t\t<div class=\"panel-body\">\r\n\t\t\t\t\t\n<p style=\"text-align: center;\"><a class=\"fasc-button fasc-size-medium fasc-type-flat\" style=\"background-color: #000000; color: #ffffff;\" target=\"_blank\" rel=\"noopener\" href=\"https:\/\/ifv-bahntechnik.de\/vereinsmitglieder\/wahlkabine\/\">Die VIRTUELLE WAHLKABINE \u00f6ffnet sich in einem eigenen Fenster.<\/a><\/p>\n\r\n\t\t\t\t\t<div class=\"clear\"><\/div>\r\n\t\t\t\t<\/div>\r\n\t\t\t<\/div>\r\n\t\t<\/div> <\/div>\n<p style=\"text-align: right;\"><span style=\"color: #ffffff;\">.<\/span><\/p>\n<p style=\"text-align: right;\"><span style=\"color: #ffffff;\">.<\/span><\/p>\n<div class=\" accordion-nfv3p8 style2 magee-shortcode panel-group magee-accordion accordion-boxed\" role=\"tablist\" aria-multiselectable=\"yes\" id=\"accordion-nfv3p8\"> <div class=\"panel panel-default \" id=\"panelaccordion-nfv3p8-1\"><div class=\"panel-heading\" role=\"tab\" id=\"headingcollapseaccordion-nfv3p8-1\">\r\n\t\t\t\t<a class=\"accordion-toggle collapsed\" data-toggle=\"collapse\" data-parent=\"#accordion-nfv3p8\" href=\"#collapseaccordion-nfv3p8-1\" aria-expanded=\"false\" aria-controls=\"collapseaccordion-nfv3p8-1\">\r\n\t\t\t\t\t<h4 class=\"panel-title\">\r\n\t\t\t\t\t\t\t(+) TAGESORDNUNG\r\n\t\t\t\t\t<\/h4>\r\n\t\t\t\t<\/a>\r\n\t\t\t<\/div>\r\n\t\t\t<div id=\"collapseaccordion-nfv3p8-1\" class=\"panel-collapse collapse \" role=\"tabpanel\" aria-labelledby=\"headingcollapseaccordion-nfv3p8-1\" aria-expanded=\"false\">\r\n\t\t\t\t<div class=\"panel-body\">\r\n\t\t\t\t\t\n<p><strong>TAGESORDNUNG der 33. a. o. MV<\/strong> &nbsp;&nbsp;&nbsp;&nbsp;&nbsp;&nbsp;&nbsp;&nbsp;&nbsp;&nbsp;&nbsp;&nbsp;&nbsp;&nbsp;&nbsp;&nbsp;&nbsp;&nbsp;&nbsp;&nbsp;&nbsp;&nbsp;&nbsp;&nbsp;&nbsp;&nbsp;&nbsp;&nbsp;&nbsp;&nbsp;&nbsp;&nbsp;&nbsp;&nbsp;&nbsp;&nbsp;&nbsp;&nbsp;&nbsp;&nbsp;&nbsp;&nbsp;&nbsp;&nbsp;&nbsp;&nbsp;&nbsp;&nbsp;&nbsp;&nbsp;&nbsp;&nbsp;&nbsp;&nbsp;&nbsp;&nbsp;&nbsp;&nbsp;&nbsp;&nbsp;&nbsp;&nbsp;&nbsp;&nbsp;&nbsp;&nbsp;&nbsp;&nbsp;&nbsp;&nbsp;&nbsp;&nbsp;&nbsp;&nbsp;&nbsp;&nbsp;&nbsp;&nbsp; &nbsp;&nbsp;&nbsp;&nbsp;&nbsp;&nbsp;&nbsp;&nbsp;&nbsp;&nbsp;&nbsp;&nbsp;&nbsp;&nbsp;&nbsp;&nbsp;&nbsp;&nbsp;&nbsp;&nbsp;&nbsp;&nbsp;&nbsp;&nbsp;&nbsp;&nbsp;&nbsp;&nbsp;&nbsp;&nbsp;&nbsp;&nbsp;&nbsp;&nbsp;&nbsp;&nbsp;&nbsp;&nbsp;&nbsp;&nbsp;&nbsp;&nbsp;&nbsp;&nbsp;&nbsp;&nbsp;&nbsp;&nbsp;&nbsp;&nbsp;&nbsp;&nbsp;&nbsp;&nbsp;&nbsp;&nbsp;<\/p>\n<p>(Version 2 \u2013 Stand: 21.12.2021)<\/p>\n<p><strong>&nbsp;<\/strong><\/p>\n<p>TOP 1&nbsp;&nbsp;&nbsp;&nbsp;&nbsp;&nbsp;&nbsp;&nbsp;&nbsp;&nbsp;&nbsp;&nbsp;&nbsp;&nbsp;&nbsp;&nbsp; <strong>Begr\u00fc\u00dfung&nbsp;<\/strong>durch den Versammlungsleiter (1. Vereinsvorsitzender)<\/p>\n<p>&nbsp;<\/p>\n<p>TOP 2&nbsp;&nbsp;&nbsp;&nbsp;&nbsp;&nbsp;&nbsp;&nbsp;&nbsp;&nbsp;&nbsp;&nbsp;&nbsp;&nbsp;&nbsp;&nbsp; <strong>Formalia&nbsp;<\/strong>(Feststellung der Beschlussf\u00e4higkeit durch den Vereinsgesch\u00e4ftsf\u00fchrer)<\/p>\n<p><strong>&nbsp;&nbsp;&nbsp;&nbsp;&nbsp;&nbsp;&nbsp;&nbsp;&nbsp;&nbsp;&nbsp;&nbsp;&nbsp;&nbsp;&nbsp;&nbsp;&nbsp;&nbsp;&nbsp;&nbsp;&nbsp;&nbsp;&nbsp;&nbsp;&nbsp;&nbsp;&nbsp; Ggf. Diskussion zur Gesch\u00e4ftsordnung bei der virtuellen Mitgliederversammlung<\/strong><\/p>\n<p>&nbsp;<\/p>\n<p>TOP 3&nbsp;&nbsp;&nbsp;&nbsp;&nbsp;&nbsp;&nbsp;&nbsp;&nbsp;&nbsp;&nbsp;&nbsp;&nbsp;&nbsp;&nbsp;&nbsp; <strong>Berichterstattung&nbsp;<\/strong>Vorstand, Gesch\u00e4ftsf\u00fchrung und Aussch\u00fcsse<\/p>\n<p><strong>&nbsp;&nbsp;&nbsp;&nbsp;&nbsp;&nbsp;&nbsp;&nbsp;&nbsp;&nbsp;&nbsp;&nbsp;&nbsp;&nbsp;&nbsp;&nbsp;&nbsp;&nbsp;&nbsp;&nbsp;&nbsp;&nbsp;&nbsp;&nbsp;&nbsp;&nbsp;&nbsp; Hier: Satzungs\u00e4nderungsausschuss<\/strong><\/p>\n<p>&nbsp;<\/p>\n<p>TOP 4 &nbsp;&nbsp;&nbsp;&nbsp;&nbsp;&nbsp;&nbsp;&nbsp;&nbsp;&nbsp;&nbsp;&nbsp;&nbsp;&nbsp;&nbsp;<strong>Beschlussantr\u00e4ge:<\/strong><\/p>\n<p>&nbsp;<\/p>\n<p><strong>Satzungs\u00e4nderung&nbsp;<\/strong>(Anlage 1: Satzungs\u00e4nderungsentwurf)<\/p>\n<p>\u201eDie Mitgliederversammlung m\u00f6ge beschlie\u00dfen, den gemeinsamen Beschlussantrag<\/p>\n<p>von Vereinsvorstand und Vereinsgesch\u00e4ftsf\u00fchrung anzunehmen und die Vereinssatzung<\/p>\n<p>in den \u00a7\u00a7 1 sowie 3 &#8211; 21 (neu) zu \u00e4ndern.\u201c &nbsp;&nbsp;(\u00a7 2 \u201eVereinszweck\u201c bleibt unver\u00e4ndert.)<\/p>\n<p>&nbsp;<\/p>\n<p><strong>Beitragsordnung&nbsp;<\/strong>(Anlage 2: Beitragsordnung)<\/p>\n<p>\u201eDie Mitgliederversammlung m\u00f6ge beschlie\u00dfen, den gemeinsamen Beschlussantrag<\/p>\n<p>von Schatzmeister und Vereinsgesch\u00e4ftsf\u00fchrer anzunehmen und die Beitragsordnung<\/p>\n<p>entsprechend anzupassen.\u201c<\/p>\n<p>&nbsp;<\/p>\n<p>TOP 5&nbsp;&nbsp;&nbsp;&nbsp;&nbsp;&nbsp;&nbsp;&nbsp;&nbsp;&nbsp;&nbsp;&nbsp;&nbsp;&nbsp;&nbsp;&nbsp; <strong>Beratungsantr\u00e4ge&nbsp;<\/strong>zu verschiedenen Themen (Vorschl\u00e4ge aus dem Mitgliederkreis)<\/p>\n<p>&nbsp;&nbsp;&nbsp;&nbsp;&nbsp;&nbsp;&nbsp;&nbsp;&nbsp;&nbsp;&nbsp;&nbsp;&nbsp;&nbsp;&nbsp;&nbsp;&nbsp;&nbsp;&nbsp;&nbsp;&nbsp;&nbsp;&nbsp;&nbsp;&nbsp;&nbsp;&nbsp; Aufnahme von Mitgliedern aus dem Ausland \u00e8 Aufnahmeausschuss<\/p>\n<p>&nbsp;&nbsp;&nbsp;&nbsp;&nbsp;&nbsp;&nbsp;&nbsp;&nbsp;&nbsp;&nbsp;&nbsp;&nbsp; &nbsp;&nbsp;&nbsp;&nbsp;&nbsp;&nbsp;&nbsp;&nbsp;&nbsp;&nbsp;&nbsp;&nbsp;&nbsp; &nbsp;<\/p>\n<p>TOP 6&nbsp;&nbsp;&nbsp;&nbsp;&nbsp;&nbsp;&nbsp;&nbsp;&nbsp;&nbsp;&nbsp;&nbsp;&nbsp;&nbsp;&nbsp;&nbsp; <strong>Verschiedenes \/ Brainstorming \/ Abschlussrunde \/ Verabschiedung<\/strong>:<\/p>\n<p>&nbsp;&nbsp;&nbsp;&nbsp;&nbsp;&nbsp;&nbsp;&nbsp;&nbsp;&nbsp;&nbsp;&nbsp;&nbsp;&nbsp;&nbsp;&nbsp;&nbsp;&nbsp;&nbsp;&nbsp;&nbsp;&nbsp;&nbsp;&nbsp;&nbsp;&nbsp;&nbsp; \u2013 Vorschl\u00e4ge f\u00fcr die Jubil\u00e4umsfeier \u201e25 Jahre IFV BAHNTECHNIK\u201c<\/p>\n<p>&nbsp;&nbsp;&nbsp;&nbsp;&nbsp;&nbsp;&nbsp;&nbsp;&nbsp;&nbsp;&nbsp;&nbsp;&nbsp;&nbsp;&nbsp;&nbsp;&nbsp;&nbsp;&nbsp;&nbsp;&nbsp;&nbsp;&nbsp;&nbsp;&nbsp;&nbsp;&nbsp; \u2013 Vorschl\u00e4ge f\u00fcr neue Arbeitskreise bzw. Fachtagungen<\/p>\n<p>&nbsp;&nbsp;&nbsp;&nbsp;&nbsp;&nbsp;&nbsp;&nbsp;&nbsp;&nbsp;&nbsp;&nbsp;&nbsp;&nbsp;&nbsp;&nbsp;&nbsp;&nbsp;&nbsp;&nbsp;&nbsp;&nbsp;&nbsp;&nbsp;&nbsp;&nbsp;&nbsp; \u2013 Information zu neuen Portalen: Experten-Liste.de und Lieferanten-Liste.de<\/p>\n<p>&nbsp;&nbsp;&nbsp;&nbsp;&nbsp;&nbsp;&nbsp;&nbsp;&nbsp;&nbsp;&nbsp;&nbsp;&nbsp;&nbsp;&nbsp;&nbsp;&nbsp;&nbsp;&nbsp;&nbsp;&nbsp;&nbsp;&nbsp;&nbsp;&nbsp;&nbsp;&nbsp; Verabschiedung durch den Vereinsvorstand sowie den Vereinsgesch\u00e4ftsf\u00fchrer<\/p>\n<p>&nbsp;&nbsp;&nbsp;&nbsp;&nbsp;&nbsp;&nbsp;&nbsp;&nbsp;&nbsp;&nbsp;&nbsp;&nbsp;&nbsp;&nbsp;&nbsp;&nbsp;&nbsp;&nbsp;&nbsp;&nbsp;&nbsp;&nbsp;&nbsp;&nbsp;&nbsp;&nbsp; Merkposten<\/p>\n<p>###<\/p>\n\r\n\t\t\t\t\t<div class=\"clear\"><\/div>\r\n\t\t\t\t<\/div>\r\n\t\t\t<\/div>\r\n\t\t<\/div> <\/div>\n<p style=\"text-align: right;\"><span style=\"color: #ffffff;\">.<\/span><\/p>\n<p style=\"text-align: right;\"><span style=\"color: #ffffff;\">.<\/span><\/p>\n<p style=\"text-align: left;\">KONTAKT \/ ANSPRECHPARTNER \/ HILFESTELLUNG<\/p>\n<p>&nbsp;<\/p>\n<div class=\"insert-page insert-page-96 \" data-post-id=\"96\">\n<div class=\"art-postcontent clearfix\">\n<div class=\"art-postcontent clearfix\">\n<div class=\"art-postcontent clearfix\">\n<div class=\"art-postcontent clearfix\">\n<blockquote>\n<h2>Event-Management &amp; Digital Content Management:<\/h2>\n<p>&nbsp;<\/p>\n<p><img decoding=\"async\" class=\"lazy-loaded aligncenter\" src=\"https:\/\/technik-netzwerk.de\/fileserver-zentrale\/technik-netzwerk\/heyer600px.jpg\" data-lazy-type=\"image\" data-src=\"https:\/\/technik-netzwerk.de\/fileserver-zentrale\/technik-netzwerk\/heyer600px.jpg\"><\/p>\n<p><strong>Frau<\/strong>&nbsp;<strong>J. HEYER<\/strong><\/p>\n<p>* Gepr\u00fcfte Veranstaltungsfachwirtin \/ Bachelor Professional of Event Organisation, CCI<\/p>\n<p>* Gesch\u00e4ftsbereichsleiterin f\u00fcr Tagungen &amp; Events (Head of Event-Management)<\/p>\n<p>* Projektmanagerin f\u00fcr Digitale Events (seit 06\/2020)<\/p>\n<p>* Hygienebeauftragte f\u00fcr die Veranstaltungswirtschaft (seit 05\/2021)<\/p>\n<p>* Kooperationsmanagement IFV Beratung und Service GmbH \u2013 Bahntechnik-Netzwerk.de sowie Technik-Netzwerk.de<\/p>\n<p>* Zust\u00e4ndig f\u00fcr <strong><em>Veranstaltungsorganisation,&nbsp;<\/em><\/strong><em><strong>Teilnehmer, Lieferanten, Dienstleister, Sponsoren und Aussteller <\/strong><\/em><\/p>\n<p>* Telefon &gt;&gt;&gt; <a class=\"fasc-button fasc-size-large fasc-type-glossy fasc-rounded-medium ico-fa fasc-ico-after fa-phone-square fasc-style-bold\" href=\"tel:+493039720172\">030 39720172<\/a><\/p>\n<p>&nbsp;<\/p>\n<p>* E-Mail &gt;&gt;&gt; &nbsp; <a class=\"fasc-button fasc-size-large fasc-type-glossy fasc-rounded-medium ico-fa fasc-ico-after fa-envelope fasc-style-bold\" target=\"_blank\" rel=\"noopener\" href=\"mailto:tagung@zentralsekretariat.de\">tagung@zentralsekretariat.de<\/a>&nbsp;<\/p><\/blockquote>\n<p>&nbsp;<\/p>\n<p>.<\/p>\n<hr>\n<p>.<\/p>\n<p>&nbsp;<\/p>\n<p>&nbsp;<\/p>\n<div class=\"art-postcontent clearfix\">\n<blockquote>\n<h2>Gesch\u00e4ftsf\u00fchrer:<\/h2>\n<p>&nbsp;<\/p>\n<p>&nbsp;<\/p>\n<p><a href=\"https:\/\/technik-netzwerk.de\/fileserver-zentrale\/technik-netzwerk\/schulz1200px.jpg\"><img loading=\"lazy\" decoding=\"async\" class=\"lazy-loaded alignnone aligncenter\" src=\"https:\/\/technik-netzwerk.de\/fileserver-zentrale\/technik-netzwerk\/schulz1200px.jpg\" alt=\"\" data-lazy-type=\"image\" data-src=\"https:\/\/technik-netzwerk.de\/fileserver-zentrale\/technik-netzwerk\/schulz1200px.jpg\" width=\"601\" height=\"649\"><\/a><\/p>\n<p>&nbsp;<\/p>\n<p><strong>Diplom-Volkswirt E. SCHULZ&nbsp;<\/strong><\/p>\n<p>* Gesch\u00e4ftsf\u00fchrer \/ Managing Director<\/p>\n<p>* Interdisziplin\u00e4rer Forschungsverbund Bahntechnik e.V. (Vereinsgesch\u00e4ftsf\u00fchrer)<\/p>\n<p>* IFV Beratung und Service GmbH (CEO)<\/p>\n<p>* Kompetenznetz-Manager sowie Arbeitskreis-Koordinator<\/p>\n<p>* Zust\u00e4ndig f\u00fcr &gt;&gt;&gt;&nbsp;<em><strong>Allgemeine Anfragen zum Bahntechnik-Netzwerk &amp; Inhaltliche Koordination (insbesondere von Arbeitskreisen, Thinktanks sowie von Forschungsprojekten)<\/strong><\/em><\/p>\n<p>* Herausgeber der Schriftenreihe BAHNTECHNIK AKTUELL<\/p>\n<p>* Telefon der Vereinsgesch\u00e4ftsstelle \/ Zentralsekretariat : <strong>030 39720171<\/strong><\/p>\n<p>* B\u00fcro Berlin: 030 81898731<\/p>\n<p>* B\u00fcro Rhein-Main: 06135 3127<\/p>\n<p>* B\u00fcro N\u00fcrnberg: 0911 209112<\/p>\n<p>* Mobilfon &gt;&gt;&gt; <a class=\"fasc-button fasc-size-large fasc-type-glossy fasc-rounded-medium ico-fa fasc-ico-after fa-phone-square fasc-style-bold\" href=\"tel:+4917670094803\">0176 70094803<\/a><\/p>\n<p>* WhatsApp &gt;&gt;&gt; &nbsp; <a class=\"fasc-button fasc-size-large fasc-type-glossy fasc-rounded-medium ico-fa fasc-ico-after fa-check-square fasc-style-bold\" href=\"https:\/\/web.whatsapp.com\/send?phone=+4917670094803&amp;text=\">WhatsApp<\/a><\/p>\n<p>* E-Mail &gt;&gt;&gt; &nbsp; <a class=\"fasc-button fasc-size-large fasc-type-glossy fasc-rounded-medium ico-fa fasc-ico-after fa-envelope fasc-style-bold\" target=\"_blank\" rel=\"noopener\" href=\"mailto:schulz@ifv-bahntechnik.de\">schulz@ifv-bahntechnik.de<\/a>&nbsp;<\/p><\/blockquote>\n<p>.<\/p>\n<\/div>\n<\/div>\n<\/div>\n<\/div>\n<\/div>\n<\/div>\n<p style=\"text-align: right;\"><span style=\"color: #ffffff;\">.<\/span><\/p>\n<p>&nbsp;<\/p>\n<p>&nbsp;<\/p>\n","protected":false},"excerpt":{"rendered":"<p>HERZLICH WILLKOMMEN im virtuellen Versammlungsraum f\u00fcr die 33. Mitgliederversammlung am 21.12.2021 Beginn der Versammlung 16:30 Uhr Inoffizielles Networking ab 15:30 Uhr . . Wir nutzen heute DREI verschiedene Videokonferenzen plus eine virtuelle Wahlkabine. Sie befinden sich jetzt im virtuellen Fahrstuhlbereich. Klicken Sie die folgenden LINKS, um in den entsprechenden Bereich einzutreten &#8211; am besten lassen [&hellip;]<\/p>\n","protected":false},"author":1,"featured_media":0,"parent":0,"menu_order":0,"comment_status":"closed","ping_status":"closed","template":"","meta":{"footnotes":""},"class_list":["post-536","page","type-page","status-publish","hentry"],"_links":{"self":[{"href":"https:\/\/ifv-bahntechnik.de\/vereinsmitglieder\/wp-json\/wp\/v2\/pages\/536","targetHints":{"allow":["GET"]}}],"collection":[{"href":"https:\/\/ifv-bahntechnik.de\/vereinsmitglieder\/wp-json\/wp\/v2\/pages"}],"about":[{"href":"https:\/\/ifv-bahntechnik.de\/vereinsmitglieder\/wp-json\/wp\/v2\/types\/page"}],"author":[{"embeddable":true,"href":"https:\/\/ifv-bahntechnik.de\/vereinsmitglieder\/wp-json\/wp\/v2\/users\/1"}],"replies":[{"embeddable":true,"href":"https:\/\/ifv-bahntechnik.de\/vereinsmitglieder\/wp-json\/wp\/v2\/comments?post=536"}],"version-history":[{"count":7,"href":"https:\/\/ifv-bahntechnik.de\/vereinsmitglieder\/wp-json\/wp\/v2\/pages\/536\/revisions"}],"predecessor-version":[{"id":545,"href":"https:\/\/ifv-bahntechnik.de\/vereinsmitglieder\/wp-json\/wp\/v2\/pages\/536\/revisions\/545"}],"wp:attachment":[{"href":"https:\/\/ifv-bahntechnik.de\/vereinsmitglieder\/wp-json\/wp\/v2\/media?parent=536"}],"curies":[{"name":"wp","href":"https:\/\/api.w.org\/{rel}","templated":true}]}}